{"id":891,"date":"2023-07-17T11:18:21","date_gmt":"2023-07-17T11:18:21","guid":{"rendered":"https:\/\/web4.rkinformatika.net\/aluminiostamar\/?page_id=891"},"modified":"2024-02-21T10:23:30","modified_gmt":"2024-02-21T10:23:30","slug":"ventanas-p-v-c","status":"publish","type":"page","link":"https:\/\/aluminiostamar.com\/eu\/ventanas-p-v-c\/","title":{"rendered":"P.V.C Lehioak"},"content":{"rendered":"<div data-elementor-type=\"wp-page\" data-elementor-id=\"891\" class=\"elementor elementor-891\" data-elementor-post-type=\"page\">\n\t\t\t\t\t\t<section class=\"elementor-section elementor-top-section elementor-element elementor-element-aac4ce5 elementor-section-height-min-height elementor-section-boxed elementor-section-height-default elementor-section-items-middle\" data-id=\"aac4ce5\" data-element_type=\"section\" data-e-type=\"section\" data-settings=\"{&quot;background_background&quot;:&quot;classic&quot;}\">\n\t\t\t\t\t\t<div class=\"elementor-container elementor-column-gap-default\">\n\t\t\t\t\t<div class=\"elementor-column elementor-col-100 elementor-top-column elementor-element elementor-element-ebbce7e\" data-id=\"ebbce7e\" data-element_type=\"column\" data-e-type=\"column\">\n\t\t\t<div class=\"elementor-widget-wrap\">\n\t\t\t\t\t\t\t<\/div>\n\t\t<\/div>\n\t\t\t\t\t<\/div>\n\t\t<\/section>\n\t\t\t\t<section class=\"elementor-section elementor-top-section elementor-element elementor-element-3b527cb3 elementor-section-boxed elementor-section-height-default elementor-section-height-default\" data-id=\"3b527cb3\" data-element_type=\"section\" data-e-type=\"section\" data-settings=\"{&quot;background_background&quot;:&quot;classic&quot;}\">\n\t\t\t\t\t\t<div class=\"elementor-container elementor-column-gap-default\">\n\t\t\t\t\t<div class=\"elementor-column elementor-col-100 elementor-top-column elementor-element elementor-element-f9207de\" data-id=\"f9207de\" data-element_type=\"column\" data-e-type=\"column\">\n\t\t\t<div class=\"elementor-widget-wrap elementor-element-populated\">\n\t\t\t\t\t\t<div class=\"elementor-element elementor-element-f6b0eb0 elementor-widget elementor-widget-heading\" data-id=\"f6b0eb0\" data-element_type=\"widget\" data-e-type=\"widget\" data-widget_type=\"heading.default\">\n\t\t\t\t<div class=\"elementor-widget-container\">\n\t\t\t\t\t<h1 class=\"elementor-heading-title elementor-size-default\">Ventana de PVC<\/h1>\t\t\t\t<\/div>\n\t\t\t\t<\/div>\n\t\t\t\t\t<\/div>\n\t\t<\/div>\n\t\t\t\t\t<\/div>\n\t\t<\/section>\n\t\t\t\t<section class=\"elementor-section elementor-top-section elementor-element elementor-element-2322cd6 elementor-section-boxed elementor-section-height-default elementor-section-height-default\" data-id=\"2322cd6\" data-element_type=\"section\" data-e-type=\"section\">\n\t\t\t\t\t\t<div class=\"elementor-container elementor-column-gap-default\">\n\t\t\t\t\t<div class=\"elementor-column elementor-col-100 elementor-top-column elementor-element elementor-element-cae037b\" data-id=\"cae037b\" data-element_type=\"column\" data-e-type=\"column\">\n\t\t\t<div class=\"elementor-widget-wrap elementor-element-populated\">\n\t\t\t\t\t\t<div class=\"elementor-element elementor-element-558b501 elementor-widget elementor-widget-text-editor\" data-id=\"558b501\" data-element_type=\"widget\" data-e-type=\"widget\" data-widget_type=\"text-editor.default\">\n\t\t\t\t<div class=\"elementor-widget-container\">\n\t\t\t\t\t\t\t\t\t<p><span style=\"font-family: var( --e-global-typography-text-font-family ), Sans-serif; font-weight: var( --e-global-typography-text-font-weight ); font-size: 1rem; color: #000000;\">Ecoven Plus, La \u00fanica ventana de PVC de calidad certificada, confort certificado. Ahorra hasta un 70% en tus facturas del hogar con tus ventanas de PVC, gana en ahorro, confot y seguirdad con tus ventas de PVC.<\/span><\/p><p><span style=\"font-family: var( --e-global-typography-text-font-family ), Sans-serif; font-weight: var( --e-global-typography-text-font-weight ); font-size: 1rem; color: #000000;\">Beneficios del PVC<\/span><\/p><p><span style=\"font-family: var( --e-global-typography-text-font-family ), Sans-serif; font-weight: var( --e-global-typography-text-font-weight ); font-size: 1rem; color: #000000;\">El PVC es un material sint\u00e9tico ampliamente utilizado en la fabricaci\u00f3n de ventanas debido a sus numerosas ventajas:<\/span><\/p><p style=\"line-height: 1.08px; margin-bottom: 0.28cm; direction: ltr; background: transparent; font-size: medium;\"><span style=\"font-variant-numeric: normal; font-variant-east-asian: normal; font-variant-alternates: normal; color: #000000;\"><span style=\"font-family: Calibri, serif;\"><span style=\"font-size: 12pt;\"><span lang=\"es-ES\">\u00a0<\/span><\/span><\/span><\/span><\/p><p style=\"line-height: 1.08px; margin-bottom: 0.28cm; direction: ltr; background: transparent; font-size: medium;\"><span style=\"color: #000000;\">AHORRO.<\/span><\/p><p><span style=\"font-family: var( --e-global-typography-text-font-family ), Sans-serif; font-weight: var( --e-global-typography-text-font-weight ); font-size: 1rem; color: #000000;\">El PVC es el mejor material en cuanto a prestaciones y precio del mercado. Su baja conductividad y gran aislamiento hace que sea el material perfecto para las ventas de tu hogar, podr\u00e1s ahorrar hasta un 70% en tu factura del hogar.<\/span><\/p><p><span style=\"font-family: var( --e-global-typography-text-font-family ), Sans-serif; font-weight: var( --e-global-typography-text-font-weight ); font-size: 1rem; color: #000000;\">Ademas Ecoven Plus cuenta con los mejores materiales del mercado para que logres el confort, ahorro y seguridad que deseas para tu hogar. Apenas necesita mantenimiento y cuenta con un gran durabilidad. Ventanas para toda la vida.<\/span><\/p><p><span style=\"font-family: var( --e-global-typography-text-font-family ), Sans-serif; font-weight: var( --e-global-typography-text-font-weight ); font-size: 1rem; color: #000000;\">CONFORT<\/span><\/p><p><span style=\"font-family: var( --e-global-typography-text-font-family ), Sans-serif; font-weight: var( --e-global-typography-text-font-weight ); font-size: 1rem; color: #000000;\">Aislamiento t\u00e9rmico: Las ventanas de PVC tienen excelentes propiedades de aislamiento t\u00e9rmico, lo que significa que pueden ayudar a mantener la temperatura interior de su hogar constante y reducir las p\u00e9rdidas de energ\u00eda.<\/span><\/p><p><span style=\"font-family: var( --e-global-typography-text-font-family ), Sans-serif; font-weight: var( --e-global-typography-text-font-weight ); font-size: 1rem; color: #000000;\">Aislamiento ac\u00fastico: El PVC tambi\u00e9n tiene propiedades de aislamiento ac\u00fastico, lo que significa que puede reducir el ruido exterior y mantener su hogar tranquilo y c\u00f3modo.<\/span><\/p><p><span style=\"font-family: var( --e-global-typography-text-font-family ), Sans-serif; font-weight: var( --e-global-typography-text-font-weight ); font-size: 1rem; color: #000000;\">SEGURIDAD<\/span><\/p><p><span style=\"font-family: var( --e-global-typography-text-font-family ), Sans-serif; font-weight: var( --e-global-typography-text-font-weight ); font-size: 1rem; color: #000000;\">Las ventanas Ecoven Plus cuentan con el certificado de seguridad RC2 gracias a que incorporan un refuerza de acero galvanizado para aumentar su resistencia junto a la combinaci\u00f3n con los sistemas de herraje y acristalamiento apropiados.<\/span><\/p><p><span style=\"font-family: var( --e-global-typography-text-font-family ), Sans-serif; font-weight: var( --e-global-typography-text-font-weight ); font-size: 1rem; color: #000000;\">DISE\u00d1O<\/span><\/p><p><span style=\"font-family: var( --e-global-typography-text-font-family ), Sans-serif; font-weight: var( --e-global-typography-text-font-weight ); font-size: 1rem; color: #000000;\">El PVC se puede fabricar en una amplia variedad de dise\u00f1os y estilos para adaptarse a cualquier tipo de hogar y preferencia est\u00e9tica. En nuestra gama de acabados encontraras la gama Spectral, su tacto sedoso y ultramate despertar\u00e1n tus sentidos.<\/span><\/p>\t\t\t\t\t\t\t\t<\/div>\n\t\t\t\t<\/div>\n\t\t\t\t\t<\/div>\n\t\t<\/div>\n\t\t\t\t\t<\/div>\n\t\t<\/section>\n\t\t\t\t<section class=\"elementor-section elementor-top-section elementor-element elementor-element-1019758 elementor-section-boxed elementor-section-height-default elementor-section-height-default\" data-id=\"1019758\" data-element_type=\"section\" data-e-type=\"section\">\n\t\t\t\t\t\t<div class=\"elementor-container elementor-column-gap-default\">\n\t\t\t\t\t<div class=\"elementor-column elementor-col-100 elementor-top-column elementor-element elementor-element-ca8e45a\" data-id=\"ca8e45a\" data-element_type=\"column\" data-e-type=\"column\">\n\t\t\t<div class=\"elementor-widget-wrap elementor-element-populated\">\n\t\t\t\t\t\t<div class=\"elementor-element elementor-element-5976f5d elementor-widget elementor-widget-heading\" data-id=\"5976f5d\" data-element_type=\"widget\" data-e-type=\"widget\" data-widget_type=\"heading.default\">\n\t\t\t\t<div class=\"elementor-widget-container\">\n\t\t\t\t\t<h1 class=\"elementor-heading-title elementor-size-default\">Nuestros modelos Ecoven plus S70, S76 y S82<\/h1>\t\t\t\t<\/div>\n\t\t\t\t<\/div>\n\t\t\t\t\t<\/div>\n\t\t<\/div>\n\t\t\t\t\t<\/div>\n\t\t<\/section>\n\t\t\t\t<section class=\"elementor-section elementor-top-section elementor-element elementor-element-4ace09b elementor-section-boxed elementor-section-height-default elementor-section-height-default\" data-id=\"4ace09b\" data-element_type=\"section\" data-e-type=\"section\">\n\t\t\t\t\t\t<div class=\"elementor-container elementor-column-gap-default\">\n\t\t\t\t\t<div class=\"elementor-column elementor-col-33 elementor-top-column elementor-element elementor-element-7c6683e\" data-id=\"7c6683e\" data-element_type=\"column\" data-e-type=\"column\">\n\t\t\t<div class=\"elementor-widget-wrap elementor-element-populated\">\n\t\t\t\t\t\t<div class=\"elementor-element elementor-element-bc5e7ac elementor-widget elementor-widget-image\" data-id=\"bc5e7ac\" data-element_type=\"widget\" data-e-type=\"widget\" data-widget_type=\"image.default\">\n\t\t\t\t<div class=\"elementor-widget-container\">\n\t\t\t\t\t\t\t\t\t\t\t\t\t\t\t<img fetchpriority=\"high\" decoding=\"async\" width=\"602\" height=\"1024\" src=\"https:\/\/aluminiostamar.com\/wp-content\/uploads\/2023\/07\/S70-blanco-1-602x1024.png\" class=\"attachment-large size-large wp-image-875\" alt=\"\" srcset=\"https:\/\/aluminiostamar.com\/wp-content\/uploads\/2023\/07\/S70-blanco-1-602x1024.png 602w, https:\/\/aluminiostamar.com\/wp-content\/uploads\/2023\/07\/S70-blanco-1-176x300.png 176w, https:\/\/aluminiostamar.com\/wp-content\/uploads\/2023\/07\/S70-blanco-1-768x1306.png 768w, https:\/\/aluminiostamar.com\/wp-content\/uploads\/2023\/07\/S70-blanco-1-903x1536.png 903w, https:\/\/aluminiostamar.com\/wp-content\/uploads\/2023\/07\/S70-blanco-1.png 1181w\" sizes=\"(max-width: 602px) 100vw, 602px\" \/>\t\t\t\t\t\t\t\t\t\t\t\t\t\t\t<\/div>\n\t\t\t\t<\/div>\n\t\t\t\t<div class=\"elementor-element elementor-element-90e4189 elementor-widget elementor-widget-heading\" data-id=\"90e4189\" data-element_type=\"widget\" data-e-type=\"widget\" data-widget_type=\"heading.default\">\n\t\t\t\t<div class=\"elementor-widget-container\">\n\t\t\t\t\t<h2 class=\"elementor-heading-title elementor-size-default\">S70<\/h2>\t\t\t\t<\/div>\n\t\t\t\t<\/div>\n\t\t\t\t<div class=\"elementor-element elementor-element-3e035ff elementor-widget elementor-widget-text-editor\" data-id=\"3e035ff\" data-element_type=\"widget\" data-e-type=\"widget\" data-widget_type=\"text-editor.default\">\n\t\t\t\t<div class=\"elementor-widget-container\">\n\t\t\t\t\t\t\t\t\t<p><span style=\"color: #000000;\">La \u00fanica venta de PVC con la certificicaci\u00f3n de calidad de producto N de AENOR, so s\u00f3lo para los perfiles, sino para la ventana terminada.<\/span><\/p><p><span style=\"color: #000000;\">Caracter\u00edsticas t\u00e9cnicas: perfil de 70 mm y 5 c\u00e1maras interiores en hoja y marco, con refuerzos de acero galvanizado.<\/span><\/p><p><span style=\"color: #000000;\">La transmitancia t\u00e9rmica Uf es de s\u00f3lo 1,3W\/m2K, permitiendo a las ventanas alcanzar una transmitancia Uw de 0,9 W\/m2K y una reducci\u00f3n del ruido que se introduce desde el exterior de hasta 48 dB.<\/span><\/p><p><span style=\"color: #000000;\">Su amplio y resistente galce permite la colocaci\u00f3n de vidrios de hasta 42 mm en cualquier tipo de hoja, con doble o triple acristalamiento. Adem\u00e1s, es capaz de alcanzar la certificaci\u00f3n de seguridad RC2*.<\/span><\/p><p><span style=\"color: #000000;\"><strong>Certificados: N de AENOR y RC2, m\u00e1ximo confort, ahorro y seguridad certificados por agentes externos.<\/strong><\/span><\/p>\t\t\t\t\t\t\t\t<\/div>\n\t\t\t\t<\/div>\n\t\t\t\t\t<\/div>\n\t\t<\/div>\n\t\t\t\t<div class=\"elementor-column elementor-col-33 elementor-top-column elementor-element elementor-element-d40a8ea\" data-id=\"d40a8ea\" data-element_type=\"column\" data-e-type=\"column\">\n\t\t\t<div class=\"elementor-widget-wrap elementor-element-populated\">\n\t\t\t\t\t\t<div class=\"elementor-element elementor-element-5d85cfd elementor-widget elementor-widget-image\" data-id=\"5d85cfd\" data-element_type=\"widget\" data-e-type=\"widget\" data-widget_type=\"image.default\">\n\t\t\t\t<div class=\"elementor-widget-container\">\n\t\t\t\t\t\t\t\t\t\t\t\t\t\t\t<img decoding=\"async\" width=\"482\" height=\"855\" src=\"https:\/\/aluminiostamar.com\/wp-content\/uploads\/2024\/02\/Captura-desde-2024-02-21-11-10-59.png\" class=\"attachment-large size-large wp-image-1332\" alt=\"\" srcset=\"https:\/\/aluminiostamar.com\/wp-content\/uploads\/2024\/02\/Captura-desde-2024-02-21-11-10-59.png 482w, https:\/\/aluminiostamar.com\/wp-content\/uploads\/2024\/02\/Captura-desde-2024-02-21-11-10-59-169x300.png 169w, https:\/\/aluminiostamar.com\/wp-content\/uploads\/2024\/02\/Captura-desde-2024-02-21-11-10-59-7x12.png 7w\" sizes=\"(max-width: 482px) 100vw, 482px\" \/>\t\t\t\t\t\t\t\t\t\t\t\t\t\t\t<\/div>\n\t\t\t\t<\/div>\n\t\t\t\t<div class=\"elementor-element elementor-element-60f2a1d elementor-widget elementor-widget-heading\" data-id=\"60f2a1d\" data-element_type=\"widget\" data-e-type=\"widget\" data-widget_type=\"heading.default\">\n\t\t\t\t<div class=\"elementor-widget-container\">\n\t\t\t\t\t<h2 class=\"elementor-heading-title elementor-size-default\">S76<\/h2>\t\t\t\t<\/div>\n\t\t\t\t<\/div>\n\t\t\t\t<div class=\"elementor-element elementor-element-1a3e004 elementor-widget elementor-widget-text-editor\" data-id=\"1a3e004\" data-element_type=\"widget\" data-e-type=\"widget\" data-widget_type=\"text-editor.default\">\n\t\t\t\t<div class=\"elementor-widget-container\">\n\t\t\t\t\t\t\t\t\t<p>Para poder adaptarse a cualquier estilo y reto de dise\u00f1o, nuestras ventanas de PVC est\u00e1n disponibles en una amplia gama de m\u00e1s de 50 colores, tonalidades met\u00e1licas y maderas con acabado liso o texturizado. Y, por supuesto, en nuestra m\u00e1s innovadora tecnolog\u00eda, Spectral; ultramate, con un tacto sedoso y una gran durabilidad y resistencia a la intemperie, al rayado y a la abrasi\u00f3n.<\/p><p>Gracias a sus prestaciones, Ecoven plus s76 se posiciona como la soluci\u00f3n m\u00e1s vers\u00e1til tanto para proyectos de obra nueva como para reformas.<\/p><p>Presentamos nuestra nueva serie, Ecoven plus s76. Una ventana de PVC dise\u00f1ada para ofrecer el equilibrio perfecto entre rentabilidad y eficiencia energ\u00e9tica gracias a sus altas prestaciones de aislamiento t\u00e9rmico y ac\u00fastico.<\/p><p>Gracias a su sistema de triple junta de goma, esta ventana garantiza un cierre m\u00e1s herm\u00e9tico incluso en las situaciones m\u00e1s exigentes, impidiendo la entrada de aire y agua.<\/p><p>Sus perfiles de PVC de alta calidad tienen una profundidad de 76 mm y 5 c\u00e1maras interiores en hoja y marco con refuerzos de acero galvanizado. Y son capaces de admitir un doble o triple acristalamiento de hasta 48 mm.<\/p><p><span style=\"color: #000000;\"><strong>Certificados: Profundidad: 76 mm, C\u00e1maras: 5, Transmitancia Uf: 1,1 W\/m2K, Transmitancia Uw: hasta 0,75 W\/m2K, Aislamiento ac\u00fastico: hasta 45 dB, Seguridad: hasta certificado RC2, Acristalamiento: hasta 48 mm, Eficiencia energ\u00e9tica: hasta Passivhaus.<\/strong><\/span><\/p>\t\t\t\t\t\t\t\t<\/div>\n\t\t\t\t<\/div>\n\t\t\t\t\t<\/div>\n\t\t<\/div>\n\t\t\t\t<div class=\"elementor-column elementor-col-33 elementor-top-column elementor-element elementor-element-de0b3fa\" data-id=\"de0b3fa\" data-element_type=\"column\" data-e-type=\"column\">\n\t\t\t<div class=\"elementor-widget-wrap elementor-element-populated\">\n\t\t\t\t\t\t<div class=\"elementor-element elementor-element-d7d3390 elementor-widget elementor-widget-image\" data-id=\"d7d3390\" data-element_type=\"widget\" data-e-type=\"widget\" data-widget_type=\"image.default\">\n\t\t\t\t<div class=\"elementor-widget-container\">\n\t\t\t\t\t\t\t\t\t\t\t\t\t\t\t<img decoding=\"async\" width=\"1055\" height=\"2048\" src=\"https:\/\/aluminiostamar.com\/wp-content\/uploads\/2023\/07\/s82-spectral-1055x2048.png\" class=\"attachment-2048x2048 size-2048x2048 wp-image-874\" alt=\"\" srcset=\"https:\/\/aluminiostamar.com\/wp-content\/uploads\/2023\/07\/s82-spectral-1055x2048.png 1055w, https:\/\/aluminiostamar.com\/wp-content\/uploads\/2023\/07\/s82-spectral-155x300.png 155w, https:\/\/aluminiostamar.com\/wp-content\/uploads\/2023\/07\/s82-spectral-527x1024.png 527w, https:\/\/aluminiostamar.com\/wp-content\/uploads\/2023\/07\/s82-spectral-768x1491.png 768w, https:\/\/aluminiostamar.com\/wp-content\/uploads\/2023\/07\/s82-spectral-791x1536.png 791w, https:\/\/aluminiostamar.com\/wp-content\/uploads\/2023\/07\/s82-spectral.png 1558w\" sizes=\"(max-width: 1055px) 100vw, 1055px\" \/>\t\t\t\t\t\t\t\t\t\t\t\t\t\t\t<\/div>\n\t\t\t\t<\/div>\n\t\t\t\t<div class=\"elementor-element elementor-element-8dec8ec elementor-widget elementor-widget-heading\" data-id=\"8dec8ec\" data-element_type=\"widget\" data-e-type=\"widget\" data-widget_type=\"heading.default\">\n\t\t\t\t<div class=\"elementor-widget-container\">\n\t\t\t\t\t<h2 class=\"elementor-heading-title elementor-size-default\">S82<\/h2>\t\t\t\t<\/div>\n\t\t\t\t<\/div>\n\t\t\t\t<div class=\"elementor-element elementor-element-340a840 elementor-widget elementor-widget-text-editor\" data-id=\"340a840\" data-element_type=\"widget\" data-e-type=\"widget\" data-widget_type=\"text-editor.default\">\n\t\t\t\t<div class=\"elementor-widget-container\">\n\t\t\t\t\t\t\t\t\t<p><span style=\"color: #000000;\">La primera ventana de PVC certificada PassivHaus**.<\/span><\/p><p><span style=\"color: #000000;\">Caracter\u00edsticas t\u00e9cnicas: Con una profundidad de 82mm, 7 c\u00e1maras interiores en marco y 6 en hoja, dispone tambi\u00e9n de un sistema de junta central en el marco. Adem\u00e1s, puede incorporar una rotura de puente t\u00e9rmico en sus refuerzos de acero galvanizado para mejorar a\u00fan m\u00e1s su aislamiento y eficiencia.<\/span><\/p><p><span style=\"color: #000000;\">La transmitancia t\u00e9rmica Uf de nuestros perfiles s82 es de s\u00f3lo 1 W\/m2K, permitiendo a las ventas alcanzar una transmitancia Uw de 0,76 W\/m2K y una reducci\u00f3n del ruido que se introduce desde el exterior de hasta 48 dB. Su amplio y resistente galce permite la colocaci\u00f3n de un triple acristalamiento de\u00a0 hasta 52 mm. Adem\u00e1s, es capaz de alcanzar al certificaci\u00f3n de seguridad RC2*.<\/span><\/p><p><span style=\"color: #000000;\"><strong>Certificados: Certificado PassivHaus y RC2.<\/strong><\/span><\/p>\t\t\t\t\t\t\t\t<\/div>\n\t\t\t\t<\/div>\n\t\t\t\t\t<\/div>\n\t\t<\/div>\n\t\t\t\t\t<\/div>\n\t\t<\/section>\n\t\t\t\t<section class=\"elementor-section elementor-top-section elementor-element elementor-element-766099d elementor-section-boxed elementor-section-height-default elementor-section-height-default\" data-id=\"766099d\" data-element_type=\"section\" data-e-type=\"section\">\n\t\t\t\t\t\t<div class=\"elementor-container elementor-column-gap-default\">\n\t\t\t\t\t<div class=\"elementor-column elementor-col-100 elementor-top-column elementor-element elementor-element-a465aa7\" data-id=\"a465aa7\" data-element_type=\"column\" data-e-type=\"column\">\n\t\t\t<div class=\"elementor-widget-wrap elementor-element-populated\">\n\t\t\t\t\t\t\t<\/div>\n\t\t<\/div>\n\t\t\t\t\t<\/div>\n\t\t<\/section>\n\t\t\t\t<section class=\"elementor-section elementor-top-section elementor-element elementor-element-b50ac37 elementor-section-boxed elementor-section-height-default elementor-section-height-default\" data-id=\"b50ac37\" data-element_type=\"section\" data-e-type=\"section\">\n\t\t\t\t\t\t<div class=\"elementor-container elementor-column-gap-default\">\n\t\t\t\t\t<div class=\"elementor-column elementor-col-100 elementor-top-column elementor-element elementor-element-c23aa74\" data-id=\"c23aa74\" data-element_type=\"column\" data-e-type=\"column\">\n\t\t\t<div class=\"elementor-widget-wrap elementor-element-populated\">\n\t\t\t\t\t\t<div class=\"elementor-element elementor-element-d4281a3 elementor-widget elementor-widget-text-editor\" data-id=\"d4281a3\" data-element_type=\"widget\" data-e-type=\"widget\" data-widget_type=\"text-editor.default\">\n\t\t\t\t<div class=\"elementor-widget-container\">\n\t\t\t\t\t\t\t\t\t<p>*Las ventanas RC2 cuentan con una protecci\u00f3n b\u00e1sica s\u00f3lida para casas particulares, garantizando aproximadamente tres minutos de resistencia contra delincuentes habituales.<\/p><p>**El est\u00e1ndar PassivHaus es un est\u00e1ndar de certificaci\u00f3n energ\u00e9tica voluntaria para edificios de obra nueva y rehabilitaci\u00f3n, en cualquier clima, que busca un m\u00e1ximo confort para los usuarios, una buena calidad del aire interior,y un consumo energ\u00e9tico casi nulo.<\/p>\t\t\t\t\t\t\t\t<\/div>\n\t\t\t\t<\/div>\n\t\t\t\t\t<\/div>\n\t\t<\/div>\n\t\t\t\t\t<\/div>\n\t\t<\/section>\n\t\t\t\t<\/div>","protected":false},"excerpt":{"rendered":"<p>Ventana de PVC Ecoven Plus, La \u00fanica ventana de PVC de calidad certificada, confort certificado. Ahorra hasta un 70% en tus facturas del hogar con tus ventanas de PVC, gana en ahorro, confot y seguirdad con tus ventas de PVC. Beneficios del PVC El PVC es un material sint\u00e9tico ampliamente utilizado en la fabricaci\u00f3n de [&hellip;]<\/p>\n","protected":false},"author":1,"featured_media":0,"parent":0,"menu_order":0,"comment_status":"closed","ping_status":"closed","template":"elementor_canvas","meta":{"footnotes":""},"class_list":["post-891","page","type-page","status-publish","hentry"],"yoast_head":"<!-- This site is optimized with the Yoast SEO plugin v27.5 - https:\/\/yoast.com\/product\/yoast-seo-wordpress\/ -->\n<title>Ventanas de P.V.C. - Aluminios Tamar<\/title>\n<meta name=\"robots\" content=\"index, follow, max-snippet:-1, max-image-preview:large, max-video-preview:-1\" \/>\n<link rel=\"canonical\" href=\"https:\/\/aluminiostamar.com\/eu\/ventanas-p-v-c\/\" \/>\n<meta property=\"og:locale\" content=\"en_US\" \/>\n<meta property=\"og:type\" content=\"article\" \/>\n<meta property=\"og:title\" content=\"Ventanas de P.V.C. - Aluminios Tamar\" \/>\n<meta property=\"og:description\" content=\"Ventana de PVC Ecoven Plus, La \u00fanica ventana de PVC de calidad certificada, confort certificado. Ahorra hasta un 70% en tus facturas del hogar con tus ventanas de PVC, gana en ahorro, confot y seguirdad con tus ventas de PVC. Beneficios del PVC El PVC es un material sint\u00e9tico ampliamente utilizado en la fabricaci\u00f3n de [&hellip;]\" \/>\n<meta property=\"og:url\" content=\"https:\/\/aluminiostamar.com\/eu\/ventanas-p-v-c\/\" \/>\n<meta property=\"og:site_name\" content=\"Aluminios Tamar\" \/>\n<meta property=\"article:modified_time\" content=\"2024-02-21T10:23:30+00:00\" \/>\n<meta property=\"og:image\" content=\"https:\/\/aluminiostamar.com\/wp-content\/uploads\/2023\/07\/S70-blanco-1-602x1024.png\" \/>\n<meta name=\"twitter:card\" content=\"summary_large_image\" \/>\n<meta name=\"twitter:label1\" content=\"Est. reading time\" \/>\n\t<meta name=\"twitter:data1\" content=\"5 minutua\" \/>\n<script type=\"application\/ld+json\" class=\"yoast-schema-graph\">{\"@context\":\"https:\\\/\\\/schema.org\",\"@graph\":[{\"@type\":\"WebPage\",\"@id\":\"https:\\\/\\\/aluminiostamar.com\\\/ventanas-p-v-c\\\/\",\"url\":\"https:\\\/\\\/aluminiostamar.com\\\/ventanas-p-v-c\\\/\",\"name\":\"Ventanas de P.V.C. - Aluminios Tamar\",\"isPartOf\":{\"@id\":\"https:\\\/\\\/aluminiostamar.com\\\/#website\"},\"primaryImageOfPage\":{\"@id\":\"https:\\\/\\\/aluminiostamar.com\\\/ventanas-p-v-c\\\/#primaryimage\"},\"image\":{\"@id\":\"https:\\\/\\\/aluminiostamar.com\\\/ventanas-p-v-c\\\/#primaryimage\"},\"thumbnailUrl\":\"https:\\\/\\\/aluminiostamar.com\\\/wp-content\\\/uploads\\\/2023\\\/07\\\/S70-blanco-1-602x1024.png\",\"datePublished\":\"2023-07-17T11:18:21+00:00\",\"dateModified\":\"2024-02-21T10:23:30+00:00\",\"breadcrumb\":{\"@id\":\"https:\\\/\\\/aluminiostamar.com\\\/ventanas-p-v-c\\\/#breadcrumb\"},\"inLanguage\":\"eu\",\"potentialAction\":[{\"@type\":\"ReadAction\",\"target\":[\"https:\\\/\\\/aluminiostamar.com\\\/ventanas-p-v-c\\\/\"]}]},{\"@type\":\"ImageObject\",\"inLanguage\":\"eu\",\"@id\":\"https:\\\/\\\/aluminiostamar.com\\\/ventanas-p-v-c\\\/#primaryimage\",\"url\":\"https:\\\/\\\/aluminiostamar.com\\\/wp-content\\\/uploads\\\/2023\\\/07\\\/S70-blanco-1-602x1024.png\",\"contentUrl\":\"https:\\\/\\\/aluminiostamar.com\\\/wp-content\\\/uploads\\\/2023\\\/07\\\/S70-blanco-1-602x1024.png\"},{\"@type\":\"BreadcrumbList\",\"@id\":\"https:\\\/\\\/aluminiostamar.com\\\/ventanas-p-v-c\\\/#breadcrumb\",\"itemListElement\":[{\"@type\":\"ListItem\",\"position\":1,\"name\":\"Portada\",\"item\":\"https:\\\/\\\/aluminiostamar.com\\\/\"},{\"@type\":\"ListItem\",\"position\":2,\"name\":\"Ventanas de P.V.C.\"}]},{\"@type\":\"WebSite\",\"@id\":\"https:\\\/\\\/aluminiostamar.com\\\/#website\",\"url\":\"https:\\\/\\\/aluminiostamar.com\\\/\",\"name\":\"Aluminios Tamar\",\"description\":\"\",\"potentialAction\":[{\"@type\":\"SearchAction\",\"target\":{\"@type\":\"EntryPoint\",\"urlTemplate\":\"https:\\\/\\\/aluminiostamar.com\\\/?s={search_term_string}\"},\"query-input\":{\"@type\":\"PropertyValueSpecification\",\"valueRequired\":true,\"valueName\":\"search_term_string\"}}],\"inLanguage\":\"eu\"}]}<\/script>\n<!-- \/ Yoast SEO plugin. -->","yoast_head_json":{"title":"Ventanas de P.V.C. - Aluminios Tamar","robots":{"index":"index","follow":"follow","max-snippet":"max-snippet:-1","max-image-preview":"max-image-preview:large","max-video-preview":"max-video-preview:-1"},"canonical":"https:\/\/aluminiostamar.com\/eu\/ventanas-p-v-c\/","og_locale":"en_US","og_type":"article","og_title":"Ventanas de P.V.C. - Aluminios Tamar","og_description":"Ventana de PVC Ecoven Plus, La \u00fanica ventana de PVC de calidad certificada, confort certificado. Ahorra hasta un 70% en tus facturas del hogar con tus ventanas de PVC, gana en ahorro, confot y seguirdad con tus ventas de PVC. Beneficios del PVC El PVC es un material sint\u00e9tico ampliamente utilizado en la fabricaci\u00f3n de [&hellip;]","og_url":"https:\/\/aluminiostamar.com\/eu\/ventanas-p-v-c\/","og_site_name":"Aluminios Tamar","article_modified_time":"2024-02-21T10:23:30+00:00","og_image":[{"url":"https:\/\/aluminiostamar.com\/wp-content\/uploads\/2023\/07\/S70-blanco-1-602x1024.png","type":"","width":"","height":""}],"twitter_card":"summary_large_image","twitter_misc":{"Est. reading time":"5 minutua"},"schema":{"@context":"https:\/\/schema.org","@graph":[{"@type":"WebPage","@id":"https:\/\/aluminiostamar.com\/ventanas-p-v-c\/","url":"https:\/\/aluminiostamar.com\/ventanas-p-v-c\/","name":"Ventanas de P.V.C. - Aluminios Tamar","isPartOf":{"@id":"https:\/\/aluminiostamar.com\/#website"},"primaryImageOfPage":{"@id":"https:\/\/aluminiostamar.com\/ventanas-p-v-c\/#primaryimage"},"image":{"@id":"https:\/\/aluminiostamar.com\/ventanas-p-v-c\/#primaryimage"},"thumbnailUrl":"https:\/\/aluminiostamar.com\/wp-content\/uploads\/2023\/07\/S70-blanco-1-602x1024.png","datePublished":"2023-07-17T11:18:21+00:00","dateModified":"2024-02-21T10:23:30+00:00","breadcrumb":{"@id":"https:\/\/aluminiostamar.com\/ventanas-p-v-c\/#breadcrumb"},"inLanguage":"eu","potentialAction":[{"@type":"ReadAction","target":["https:\/\/aluminiostamar.com\/ventanas-p-v-c\/"]}]},{"@type":"ImageObject","inLanguage":"eu","@id":"https:\/\/aluminiostamar.com\/ventanas-p-v-c\/#primaryimage","url":"https:\/\/aluminiostamar.com\/wp-content\/uploads\/2023\/07\/S70-blanco-1-602x1024.png","contentUrl":"https:\/\/aluminiostamar.com\/wp-content\/uploads\/2023\/07\/S70-blanco-1-602x1024.png"},{"@type":"BreadcrumbList","@id":"https:\/\/aluminiostamar.com\/ventanas-p-v-c\/#breadcrumb","itemListElement":[{"@type":"ListItem","position":1,"name":"Portada","item":"https:\/\/aluminiostamar.com\/"},{"@type":"ListItem","position":2,"name":"Ventanas de P.V.C."}]},{"@type":"WebSite","@id":"https:\/\/aluminiostamar.com\/#website","url":"https:\/\/aluminiostamar.com\/","name":"Aluminios Tamar","description":"","potentialAction":[{"@type":"SearchAction","target":{"@type":"EntryPoint","urlTemplate":"https:\/\/aluminiostamar.com\/?s={search_term_string}"},"query-input":{"@type":"PropertyValueSpecification","valueRequired":true,"valueName":"search_term_string"}}],"inLanguage":"eu"}]}},"_links":{"self":[{"href":"https:\/\/aluminiostamar.com\/eu\/wp-json\/wp\/v2\/pages\/891","targetHints":{"allow":["GET"]}}],"collection":[{"href":"https:\/\/aluminiostamar.com\/eu\/wp-json\/wp\/v2\/pages"}],"about":[{"href":"https:\/\/aluminiostamar.com\/eu\/wp-json\/wp\/v2\/types\/page"}],"author":[{"embeddable":true,"href":"https:\/\/aluminiostamar.com\/eu\/wp-json\/wp\/v2\/users\/1"}],"replies":[{"embeddable":true,"href":"https:\/\/aluminiostamar.com\/eu\/wp-json\/wp\/v2\/comments?post=891"}],"version-history":[{"count":55,"href":"https:\/\/aluminiostamar.com\/eu\/wp-json\/wp\/v2\/pages\/891\/revisions"}],"predecessor-version":[{"id":1348,"href":"https:\/\/aluminiostamar.com\/eu\/wp-json\/wp\/v2\/pages\/891\/revisions\/1348"}],"wp:attachment":[{"href":"https:\/\/aluminiostamar.com\/eu\/wp-json\/wp\/v2\/media?parent=891"}],"curies":[{"name":"wp","href":"https:\/\/api.w.org\/{rel}","templated":true}]}}